{"id":1759,"date":"2019-01-14T16:50:40","date_gmt":"2019-02-13T13:55:07","guid":{"rendered":"https:\/\/new.cooptaxis.pt\/?post_type=product&#038;p=1759"},"modified":"2023-11-15T11:47:01","modified_gmt":"2023-11-15T11:47:01","slug":"tour-setubal-arrabida-sesimbra","status":"publish","type":"product","link":"https:\/\/cooptaxis.pt\/fr\/produit\/tour-setubal-arrabida-sesimbra\/","title":{"rendered":"Tour Set\u00fabal\/ Arr\u00e1bida \/ Sesimbra"},"content":{"rendered":"<p>D\u00e9couvrez toutes les merveilles naturelles de cette r\u00e9gion situ\u00e9e dans l&rsquo;extr\u00eame nord de l&rsquo;estuaire du Sado.Nous commencerons notre visite en nous arr\u00eatant \u00e0 Azeit\u00e3o pour savourer les c\u00e9l\u00e8bres fromages et tartes d\u2019Azeit\u00e3o. Nous continuerons vers Sesimbra, un superbe village de p\u00eacheurs portugais o\u00f9 vous pourrez visiter le cap Espichel. Nous irons \u00e9galement \u00e0 la Serra da Arr\u00e1bida, o\u00f9 vous pourrez admirer la beaut\u00e9 des paysages, la beaut\u00e9 des contrastes entre terre et mer et ses magnifiques plages : nous passerons par Portinho da Arr\u00e1bida &#8211; l\u2019une des plus belles plages portugaises, qui contraste avec l\u2019imposante aust\u00e9rit\u00e9 des montagnes. De la Serra da Arr\u00e1bida, nous irons \u00e0 Set\u00fabal, dans l\u2019estuaire du Sado, ville du couvent de J\u00e9sus, o\u00f9 vous pourrez vous promener dans le centre historique, o\u00f9 vous trouverez plusieurs boutiques traditionnelles o\u00f9 vous pourrez go\u00fbter la d\u00e9licieuse cuisine de la r\u00e9gion et parcourir la route des vins de la p\u00e9ninsule de Set\u00fabal.<\/p>\n<p><strong>Important<\/strong><br \/>\nDur\u00e9e 6H<\/p>\n<p><strong>R\u00e9servations:<\/strong><br \/>\ncooptaxis.pt<\/p>\n<p><strong>Conditions g\u00e9n\u00e9rales<\/strong><br \/>\nToutes les visites n\u00e9cessitent une r\u00e9servation pr\u00e9alable.<br \/>\nTous les monuments nationaux sont ferm\u00e9s les jours f\u00e9ri\u00e9s.<\/p>\n<p><strong>Inclus: <\/strong>Transport avec arr\u00eats annonc\u00e9s<br \/>\n<strong>Pas compris: <\/strong> Les repas, les entr\u00e9es et l\u2019accompagnement dans les monuments et autres lieux d\u2019int\u00e9r\u00eat touristique.<\/p>\n<p><strong>Notes<\/strong><br \/>\nD&rsquo;autres itin\u00e9raires peuvent \u00eatre convenus selon votre int\u00e9r\u00eat. Contactez taxi@cooptaxis.pt<\/p>\n<p><strong>Informations<\/strong><br \/>\nPour chaque 30 minutes apr\u00e8s la dur\u00e9e stipul\u00e9e dans la description du voyage sera factur\u00e9 12 \u20ac.<\/p>\n","protected":false},"excerpt":{"rendered":"<p>D\u00e9couvrez toutes les merveilles naturelles de cette r\u00e9gion situ\u00e9e dans l&rsquo;extr\u00eame nord de l&rsquo;estuaire du Sado.Nous commencerons notre visite en nous arr\u00eatant \u00e0 Azeit\u00e3o pour savourer les c\u00e9l\u00e8bres fromages et tartes d\u2019Azeit\u00e3o. Nous continuerons vers Sesimbra, un superbe village de p\u00eacheurs portugais o\u00f9 vous pourrez visiter le cap Espichel. Nous irons \u00e9galement \u00e0 la Serra da Arr\u00e1bida, o\u00f9 vous pourrez &#8230; <\/p>\n<div><a href=\"https:\/\/cooptaxis.pt\/fr\/produit\/tour-setubal-arrabida-sesimbra\/\" class=\"more-link\">Read More<\/a><\/div>\n","protected":false},"featured_media":326,"template":"","meta":{"om_disable_all_campaigns":false,"_uag_custom_page_level_css":"","_monsterinsights_skip_tracking":false,"_monsterinsights_sitenote_active":false,"_monsterinsights_sitenote_note":"","_monsterinsights_sitenote_category":0},"product_brand":[],"product_cat":[345],"product_tag":[341],"class_list":{"0":"post-1759","1":"product","2":"type-product","3":"status-publish","4":"has-post-thumbnail","6":"product_cat-tours-fr","7":"product_tag-tour-fr","8":"tm-has-options","11":"first","12":"instock","13":"taxable","14":"shipping-taxable","15":"purchasable","16":"product-type-simple"},"aioseo_notices":[],"yoast_head":"<!-- This site is optimized with the Yoast SEO plugin v24.7 - https:\/\/yoast.com\/wordpress\/plugins\/seo\/ -->\n<title>Tour Set\u00fabal\/ Arr\u00e1bida \/ Sesimbra - Coopt\u00e1xis<\/title>\n<meta name=\"robots\" content=\"index, follow, max-snippet:-1, max-image-preview:large, max-video-preview:-1\" \/>\n<link rel=\"canonical\" href=\"https:\/\/cooptaxis.pt\/fr\/produit\/tour-setubal-arrabida-sesimbra\/\" \/>\n<meta property=\"og:locale\" content=\"fr_FR\" \/>\n<meta property=\"og:type\" content=\"article\" \/>\n<meta property=\"og:title\" content=\"Tour Set\u00fabal\/ Arr\u00e1bida \/ Sesimbra - Coopt\u00e1xis\" \/>\n<meta property=\"og:description\" content=\"D\u00e9couvrez toutes les merveilles naturelles de cette r\u00e9gion situ\u00e9e dans l&rsquo;extr\u00eame nord de l&rsquo;estuaire du Sado.Nous commencerons notre visite en nous arr\u00eatant \u00e0 Azeit\u00e3o pour savourer les c\u00e9l\u00e8bres fromages et tartes d\u2019Azeit\u00e3o. Nous continuerons vers Sesimbra, un superbe village de p\u00eacheurs portugais o\u00f9 vous pourrez visiter le cap Espichel. Nous irons \u00e9galement \u00e0 la Serra da Arr\u00e1bida, o\u00f9 vous pourrez ... Read More\" \/>\n<meta property=\"og:url\" content=\"https:\/\/cooptaxis.pt\/fr\/produit\/tour-setubal-arrabida-sesimbra\/\" \/>\n<meta property=\"og:site_name\" content=\"Coopt\u00e1xis\" \/>\n<meta property=\"article:publisher\" content=\"https:\/\/www.instagram.com\/cooptaxisportugal\/\" \/>\n<meta property=\"article:modified_time\" content=\"2023-11-15T11:47:01+00:00\" \/>\n<meta property=\"og:image\" content=\"https:\/\/cooptaxis.pt\/wp-content\/uploads\/2019\/01\/apreciar-vista-do-miradouro.jpg\" \/>\n\t<meta property=\"og:image:width\" content=\"1600\" \/>\n\t<meta property=\"og:image:height\" content=\"1066\" \/>\n\t<meta property=\"og:image:type\" content=\"image\/jpeg\" \/>\n<meta name=\"twitter:card\" content=\"summary_large_image\" \/>\n<meta name=\"twitter:label1\" content=\"Dur\u00e9e de lecture estim\u00e9e\" \/>\n\t<meta name=\"twitter:data1\" content=\"2 minutes\" \/>\n<script type=\"application\/ld+json\" class=\"yoast-schema-graph\">{\"@context\":\"https:\/\/schema.org\",\"@graph\":[{\"@type\":\"WebPage\",\"@id\":\"https:\/\/cooptaxis.pt\/fr\/produit\/tour-setubal-arrabida-sesimbra\/\",\"url\":\"https:\/\/cooptaxis.pt\/fr\/produit\/tour-setubal-arrabida-sesimbra\/\",\"name\":\"Tour Set\u00fabal\/ Arr\u00e1bida \/ Sesimbra - Coopt\u00e1xis\",\"isPartOf\":{\"@id\":\"https:\/\/cooptaxis.pt\/#website\"},\"primaryImageOfPage\":{\"@id\":\"https:\/\/cooptaxis.pt\/fr\/produit\/tour-setubal-arrabida-sesimbra\/#primaryimage\"},\"image\":{\"@id\":\"https:\/\/cooptaxis.pt\/fr\/produit\/tour-setubal-arrabida-sesimbra\/#primaryimage\"},\"thumbnailUrl\":\"https:\/\/cooptaxis.pt\/wp-content\/uploads\/2019\/01\/apreciar-vista-do-miradouro.jpg\",\"datePublished\":\"2019-02-13T13:55:07+00:00\",\"dateModified\":\"2023-11-15T11:47:01+00:00\",\"breadcrumb\":{\"@id\":\"https:\/\/cooptaxis.pt\/fr\/produit\/tour-setubal-arrabida-sesimbra\/#breadcrumb\"},\"inLanguage\":\"fr-FR\",\"potentialAction\":[{\"@type\":\"ReadAction\",\"target\":[\"https:\/\/cooptaxis.pt\/fr\/produit\/tour-setubal-arrabida-sesimbra\/\"]}]},{\"@type\":\"ImageObject\",\"inLanguage\":\"fr-FR\",\"@id\":\"https:\/\/cooptaxis.pt\/fr\/produit\/tour-setubal-arrabida-sesimbra\/#primaryimage\",\"url\":\"https:\/\/cooptaxis.pt\/wp-content\/uploads\/2019\/01\/apreciar-vista-do-miradouro.jpg\",\"contentUrl\":\"https:\/\/cooptaxis.pt\/wp-content\/uploads\/2019\/01\/apreciar-vista-do-miradouro.jpg\",\"width\":1600,\"height\":1066},{\"@type\":\"BreadcrumbList\",\"@id\":\"https:\/\/cooptaxis.pt\/fr\/produit\/tour-setubal-arrabida-sesimbra\/#breadcrumb\",\"itemListElement\":[{\"@type\":\"ListItem\",\"position\":1,\"name\":\"In\u00edcio\",\"item\":\"https:\/\/cooptaxis.pt\/fr\/home\/\"},{\"@type\":\"ListItem\",\"position\":2,\"name\":\"Tours-fr\",\"item\":\"https:\/\/cooptaxis.pt\/fr\/boutique\/\"},{\"@type\":\"ListItem\",\"position\":3,\"name\":\"Tour Set\u00fabal\/ Arr\u00e1bida \/ Sesimbra\"}]},{\"@type\":\"WebSite\",\"@id\":\"https:\/\/cooptaxis.pt\/#website\",\"url\":\"https:\/\/cooptaxis.pt\/\",\"name\":\"Coopt\u00e1xis\",\"description\":\"A maior Frota Nacional de T\u00e1xis\",\"publisher\":{\"@id\":\"https:\/\/cooptaxis.pt\/#organization\"},\"potentialAction\":[{\"@type\":\"SearchAction\",\"target\":{\"@type\":\"EntryPoint\",\"urlTemplate\":\"https:\/\/cooptaxis.pt\/?s={search_term_string}\"},\"query-input\":{\"@type\":\"PropertyValueSpecification\",\"valueRequired\":true,\"valueName\":\"search_term_string\"}}],\"inLanguage\":\"fr-FR\"},{\"@type\":\"Organization\",\"@id\":\"https:\/\/cooptaxis.pt\/#organization\",\"name\":\"Coopt\u00e1xis\",\"url\":\"https:\/\/cooptaxis.pt\/\",\"logo\":{\"@type\":\"ImageObject\",\"inLanguage\":\"fr-FR\",\"@id\":\"https:\/\/cooptaxis.pt\/#\/schema\/logo\/image\/\",\"url\":\"https:\/\/cooptaxis.pt\/wp-content\/uploads\/2019\/02\/cropped-COOPTAXIS_fundo_Pantone.jpg\",\"contentUrl\":\"https:\/\/cooptaxis.pt\/wp-content\/uploads\/2019\/02\/cropped-COOPTAXIS_fundo_Pantone.jpg\",\"width\":512,\"height\":512,\"caption\":\"Coopt\u00e1xis\"},\"image\":{\"@id\":\"https:\/\/cooptaxis.pt\/#\/schema\/logo\/image\/\"},\"sameAs\":[\"https:\/\/www.instagram.com\/cooptaxisportugal\/\",\"https:\/\/www.youtube.com\/watch?v=jLvAnznJhBo&amp;amp;amp;list=PLXqoHUfSBV2Dh-_t5RfvN-rKuClmSlzfW\"]}]}<\/script>\n<!-- \/ Yoast SEO plugin. -->","yoast_head_json":{"title":"Tour Set\u00fabal\/ Arr\u00e1bida \/ Sesimbra - Coopt\u00e1xis","robots":{"index":"index","follow":"follow","max-snippet":"max-snippet:-1","max-image-preview":"max-image-preview:large","max-video-preview":"max-video-preview:-1"},"canonical":"https:\/\/cooptaxis.pt\/fr\/produit\/tour-setubal-arrabida-sesimbra\/","og_locale":"fr_FR","og_type":"article","og_title":"Tour Set\u00fabal\/ Arr\u00e1bida \/ Sesimbra - Coopt\u00e1xis","og_description":"D\u00e9couvrez toutes les merveilles naturelles de cette r\u00e9gion situ\u00e9e dans l&rsquo;extr\u00eame nord de l&rsquo;estuaire du Sado.Nous commencerons notre visite en nous arr\u00eatant \u00e0 Azeit\u00e3o pour savourer les c\u00e9l\u00e8bres fromages et tartes d\u2019Azeit\u00e3o. Nous continuerons vers Sesimbra, un superbe village de p\u00eacheurs portugais o\u00f9 vous pourrez visiter le cap Espichel. Nous irons \u00e9galement \u00e0 la Serra da Arr\u00e1bida, o\u00f9 vous pourrez ... Read More","og_url":"https:\/\/cooptaxis.pt\/fr\/produit\/tour-setubal-arrabida-sesimbra\/","og_site_name":"Coopt\u00e1xis","article_publisher":"https:\/\/www.instagram.com\/cooptaxisportugal\/","article_modified_time":"2023-11-15T11:47:01+00:00","og_image":[{"width":1600,"height":1066,"url":"https:\/\/cooptaxis.pt\/wp-content\/uploads\/2019\/01\/apreciar-vista-do-miradouro.jpg","type":"image\/jpeg"}],"twitter_card":"summary_large_image","twitter_misc":{"Dur\u00e9e de lecture estim\u00e9e":"2 minutes"},"schema":{"@context":"https:\/\/schema.org","@graph":[{"@type":"WebPage","@id":"https:\/\/cooptaxis.pt\/fr\/produit\/tour-setubal-arrabida-sesimbra\/","url":"https:\/\/cooptaxis.pt\/fr\/produit\/tour-setubal-arrabida-sesimbra\/","name":"Tour Set\u00fabal\/ Arr\u00e1bida \/ Sesimbra - Coopt\u00e1xis","isPartOf":{"@id":"https:\/\/cooptaxis.pt\/#website"},"primaryImageOfPage":{"@id":"https:\/\/cooptaxis.pt\/fr\/produit\/tour-setubal-arrabida-sesimbra\/#primaryimage"},"image":{"@id":"https:\/\/cooptaxis.pt\/fr\/produit\/tour-setubal-arrabida-sesimbra\/#primaryimage"},"thumbnailUrl":"https:\/\/cooptaxis.pt\/wp-content\/uploads\/2019\/01\/apreciar-vista-do-miradouro.jpg","datePublished":"2019-02-13T13:55:07+00:00","dateModified":"2023-11-15T11:47:01+00:00","breadcrumb":{"@id":"https:\/\/cooptaxis.pt\/fr\/produit\/tour-setubal-arrabida-sesimbra\/#breadcrumb"},"inLanguage":"fr-FR","potentialAction":[{"@type":"ReadAction","target":["https:\/\/cooptaxis.pt\/fr\/produit\/tour-setubal-arrabida-sesimbra\/"]}]},{"@type":"ImageObject","inLanguage":"fr-FR","@id":"https:\/\/cooptaxis.pt\/fr\/produit\/tour-setubal-arrabida-sesimbra\/#primaryimage","url":"https:\/\/cooptaxis.pt\/wp-content\/uploads\/2019\/01\/apreciar-vista-do-miradouro.jpg","contentUrl":"https:\/\/cooptaxis.pt\/wp-content\/uploads\/2019\/01\/apreciar-vista-do-miradouro.jpg","width":1600,"height":1066},{"@type":"BreadcrumbList","@id":"https:\/\/cooptaxis.pt\/fr\/produit\/tour-setubal-arrabida-sesimbra\/#breadcrumb","itemListElement":[{"@type":"ListItem","position":1,"name":"In\u00edcio","item":"https:\/\/cooptaxis.pt\/fr\/home\/"},{"@type":"ListItem","position":2,"name":"Tours-fr","item":"https:\/\/cooptaxis.pt\/fr\/boutique\/"},{"@type":"ListItem","position":3,"name":"Tour Set\u00fabal\/ Arr\u00e1bida \/ Sesimbra"}]},{"@type":"WebSite","@id":"https:\/\/cooptaxis.pt\/#website","url":"https:\/\/cooptaxis.pt\/","name":"Coopt\u00e1xis","description":"A maior Frota Nacional de T\u00e1xis","publisher":{"@id":"https:\/\/cooptaxis.pt\/#organization"},"potentialAction":[{"@type":"SearchAction","target":{"@type":"EntryPoint","urlTemplate":"https:\/\/cooptaxis.pt\/?s={search_term_string}"},"query-input":{"@type":"PropertyValueSpecification","valueRequired":true,"valueName":"search_term_string"}}],"inLanguage":"fr-FR"},{"@type":"Organization","@id":"https:\/\/cooptaxis.pt\/#organization","name":"Coopt\u00e1xis","url":"https:\/\/cooptaxis.pt\/","logo":{"@type":"ImageObject","inLanguage":"fr-FR","@id":"https:\/\/cooptaxis.pt\/#\/schema\/logo\/image\/","url":"https:\/\/cooptaxis.pt\/wp-content\/uploads\/2019\/02\/cropped-COOPTAXIS_fundo_Pantone.jpg","contentUrl":"https:\/\/cooptaxis.pt\/wp-content\/uploads\/2019\/02\/cropped-COOPTAXIS_fundo_Pantone.jpg","width":512,"height":512,"caption":"Coopt\u00e1xis"},"image":{"@id":"https:\/\/cooptaxis.pt\/#\/schema\/logo\/image\/"},"sameAs":["https:\/\/www.instagram.com\/cooptaxisportugal\/","https:\/\/www.youtube.com\/watch?v=jLvAnznJhBo&amp;amp;amp;list=PLXqoHUfSBV2Dh-_t5RfvN-rKuClmSlzfW"]}]}},"uagb_featured_image_src":{"full":["https:\/\/cooptaxis.pt\/wp-content\/uploads\/2019\/01\/apreciar-vista-do-miradouro.jpg",1600,1066,false],"thumbnail":["https:\/\/cooptaxis.pt\/wp-content\/uploads\/2019\/01\/apreciar-vista-do-miradouro-150x150.jpg",150,150,true],"medium":["https:\/\/cooptaxis.pt\/wp-content\/uploads\/2019\/01\/apreciar-vista-do-miradouro-300x200.jpg",300,200,true],"medium_large":["https:\/\/cooptaxis.pt\/wp-content\/uploads\/2019\/01\/apreciar-vista-do-miradouro-768x512.jpg",768,512,true],"large":["https:\/\/cooptaxis.pt\/wp-content\/uploads\/2019\/01\/apreciar-vista-do-miradouro-1024x682.jpg",1024,682,true],"1536x1536":["https:\/\/cooptaxis.pt\/wp-content\/uploads\/2019\/01\/apreciar-vista-do-miradouro.jpg",1536,1023,false],"2048x2048":["https:\/\/cooptaxis.pt\/wp-content\/uploads\/2019\/01\/apreciar-vista-do-miradouro.jpg",1600,1066,false],"woocommerce_thumbnail":["https:\/\/cooptaxis.pt\/wp-content\/uploads\/2019\/01\/apreciar-vista-do-miradouro-600x450.jpg",600,450,true],"woocommerce_single":["https:\/\/cooptaxis.pt\/wp-content\/uploads\/2019\/01\/apreciar-vista-do-miradouro-600x400.jpg",600,400,true],"woocommerce_gallery_thumbnail":["https:\/\/cooptaxis.pt\/wp-content\/uploads\/2019\/01\/apreciar-vista-do-miradouro-100x100.jpg",100,100,true],"post-thumbnail":["https:\/\/cooptaxis.pt\/wp-content\/uploads\/2019\/01\/apreciar-vista-do-miradouro-100x67.jpg",100,67,true],"entry":["https:\/\/cooptaxis.pt\/wp-content\/uploads\/2019\/01\/apreciar-vista-do-miradouro-862x574.jpg",862,574,true],"entry-cropped":["https:\/\/cooptaxis.pt\/wp-content\/uploads\/2019\/01\/apreciar-vista-do-miradouro-862x482.jpg",862,482,true],"entry-fullwidth":["https:\/\/cooptaxis.pt\/wp-content\/uploads\/2019\/01\/apreciar-vista-do-miradouro-1200x800.jpg",1200,800,true],"entry-cropped-fullwidth":["https:\/\/cooptaxis.pt\/wp-content\/uploads\/2019\/01\/apreciar-vista-do-miradouro-1200x671.jpg",1200,671,true]},"uagb_author_info":{"display_name":"mauriatti","author_link":"https:\/\/cooptaxis.pt\/fr\/author\/"},"uagb_comment_info":0,"uagb_excerpt":"D\u00e9couvrez toutes les merveilles naturelles de cette r\u00e9gion situ\u00e9e dans l&rsquo;extr\u00eame nord de l&rsquo;estuaire du Sado.Nous commencerons notre visite en nous arr\u00eatant \u00e0 Azeit\u00e3o pour savourer les c\u00e9l\u00e8bres fromages et tartes d\u2019Azeit\u00e3o. Nous continuerons vers Sesimbra, un superbe village de p\u00eacheurs portugais o\u00f9 vous pourrez visiter le cap Espichel. Nous irons \u00e9galement \u00e0 la Serra\u2026","_links":{"self":[{"href":"https:\/\/cooptaxis.pt\/fr\/wp-json\/wp\/v2\/product\/1759","targetHints":{"allow":["GET"]}}],"collection":[{"href":"https:\/\/cooptaxis.pt\/fr\/wp-json\/wp\/v2\/product"}],"about":[{"href":"https:\/\/cooptaxis.pt\/fr\/wp-json\/wp\/v2\/types\/product"}],"wp:featuredmedia":[{"embeddable":true,"href":"https:\/\/cooptaxis.pt\/fr\/wp-json\/wp\/v2\/media\/326"}],"wp:attachment":[{"href":"https:\/\/cooptaxis.pt\/fr\/wp-json\/wp\/v2\/media?parent=1759"}],"wp:term":[{"taxonomy":"product_brand","embeddable":true,"href":"https:\/\/cooptaxis.pt\/fr\/wp-json\/wp\/v2\/product_brand?post=1759"},{"taxonomy":"product_cat","embeddable":true,"href":"https:\/\/cooptaxis.pt\/fr\/wp-json\/wp\/v2\/product_cat?post=1759"},{"taxonomy":"product_tag","embeddable":true,"href":"https:\/\/cooptaxis.pt\/fr\/wp-json\/wp\/v2\/product_tag?post=1759"}],"curies":[{"name":"wp","href":"https:\/\/api.w.org\/{rel}","templated":true}]}}